{"id":1609,"date":"2025-11-09T11:40:07","date_gmt":"2025-11-09T09:40:07","guid":{"rendered":"https:\/\/www.arkitek.fi\/?post_type=dt_portfolio&#038;p=1609"},"modified":"2025-11-09T11:55:07","modified_gmt":"2025-11-09T09:55:07","slug":"unelmatalo-jarvinakoalalla","status":"publish","type":"dt_portfolio","link":"https:\/\/www.arkitek.fi\/fi\/projekt\/unelmatalo-jarvinakoalalla\/","title":{"rendered":"Unelmatalo j\u00e4rvin\u00e4k\u00f6alalla"},"content":{"rendered":"<div class=\"wpb-content-wrapper\"><p>[vc_row][vc_column][vc_column_text css=&#8221;&#8221;]<\/p>\n<h2><strong>Unelmatalo j\u00e4rvin\u00e4k\u00f6alalla &#8211; Emilian ja Robinin arkkitehdin suunnittelemasta kodista tuli totta Arkitekin avulla<\/strong><\/h2>\n<p>[\/vc_column_text][\/vc_column][\/vc_row][vc_row][vc_column width=&#8221;1\/2&#8243;][vc_column_text css=&#8221;&#8221;]Emilia Strandvall, 32, ja h\u00e4nen avopuolisonsa Robin Carp, 29, unelmoivat pitk\u00e4\u00e4n omasta kodista luonnon l\u00e4heisyydess\u00e4. Suunnitelma oli selke\u00e4 alusta alkaen: kaunis paikka, jossa heid\u00e4n pienell\u00e4 perheell\u00e4\u00e4n, johon kuuluu pariskunnan tyt\u00e4r, on runsaasti tilaa juurtua. Suunnittelu p\u00e4\u00e4si kuitenkin kunnolla k\u00e4yntiin vasta parin l\u00f6ydetty\u00e4 tontin Gr\u00f6nvallintielt\u00e4 Mustasaaresta.<\/p>\n<p>Projekti on koko elinkaarensa ajan alustavista suunnitelmista pian muuttovalmiiseen taloon yhdist\u00e4nyt Emilian ja Robinin unelmat: arkkitehdin suunnittelema talo, kest\u00e4v\u00e4t ja harkitut ratkaisut sek\u00e4 paikallisen rakennussuunnittelun. Yhdess\u00e4 Arkitekin ja arkkitehtitoimiston kanssa Emilia ja Robin ovat voineet rakennuttaa kodin, joka hy\u00f6dynt\u00e4\u00e4 tontin ainutlaatuisuutta ja tulee olemaan perheen turvapaikka arjessa.[\/vc_column_text][vc_single_image image=&#8221;1603&#8243; img_size=&#8221;large&#8221; alignment=&#8221;center&#8221; css=&#8221;.vc_custom_1762678298163{margin-bottom: 30px !important;}&#8221;][vc_column_text css=&#8221;&#8221;]<\/p>\n<h3>Tontti suurella potentiaalilla<\/h3>\n<p>Gr\u00f6nvallintien tontti sijaitsee korkealla rinteess\u00e4 ja sielt\u00e4 avautuu upea n\u00e4k\u00f6ala Karper\u00f6fj\u00e4rdenille. Pariskunta vieraili tontilla ensimm\u00e4isen kerran elokuussa 2023 ja rakastui v\u00e4litt\u00f6m\u00e4sti.<\/p>\n<p><em>\u201cTontti tuntui alusta asti ainutlaatuiselta. Se on l\u00e4hell\u00e4 sek\u00e4 vett\u00e4 ett\u00e4 m\u00e4ntymets\u00e4\u00e4. Tontti ei ole rantatontti, mutta sielt\u00e4 on hieno j\u00e4rvin\u00e4k\u00f6ala, joka oli meille eritt\u00e4in t\u00e4rke\u00e4\u00e4\u201d,<\/em> Emilia sanoo.<\/p>\n<p>Kun tarjouskilpailu oli ohi ja tonttikaupat varmistuivat, Emilia ja Robin pystyiv\u00e4t viimein aloittamaan kotinsa suunnittelun. He huomasivat pian, ett\u00e4 arkkitehdin suunnittelemana talo toisi parhaiten esiin tontin potentiaalin.<\/p>\n<p><em>\u201cOman talon rakentaminen itse on varmasti hyv\u00e4 idea, jos siihen on tarvittava osaaminen. Meille se olisi kuitenkin ollut huomattavasti vaativampi projekti. Ulkoistamalla kaiken ammattilaisille meill\u00e4 oli mahdollisuus ottaa askel taaksep\u00e4in ja n\u00e4hd\u00e4, miten talomme rakentuu samalla kun voimme keskitty\u00e4 omiin t\u00f6ihimme\u201d,<\/em> pariskunta toteaa.[\/vc_column_text][vc_single_image image=&#8221;1604&#8243; img_size=&#8221;large&#8221; alignment=&#8221;center&#8221; css=&#8221;.vc_custom_1762678486620{margin-bottom: 30px !important;}&#8221;][vc_column_text css=&#8221;&#8221;]Pienen etsinn\u00e4n j\u00e4lkeen pariskunta l\u00f6ysi itselleen sopivan arkkitehtitoimiston Helsingiss\u00e4 sijaitsevasta Helstist\u00e4. Yhteisty\u00f6ss\u00e4 Helstin kanssa pari syntyi suunnitelma, joka yhdisti pariskunnan tarpeet ja toiveet tontin olosuhteiden kanssa.<\/p>\n<p><em>\u201cMeill\u00e4 oli itsell\u00e4mme jo aika selv\u00e4t ideat, mutta tuntui hyv\u00e4lt\u00e4 turvautua ammattilaiseen, joka osaisi auttaa meit\u00e4. Meille oli ennen kaikkea t\u00e4rke\u00e4\u00e4 p\u00e4\u00e4st\u00e4 k\u00e4ytt\u00e4m\u00e4\u00e4n tontin koko potentiaali, joten talo tuli rakentaa tonttia hy\u00f6dynt\u00e4en\u201d,<\/em> Emilia kertoo.<\/p>\n<p>Yksi pariskunnan alkuper\u00e4isit\u00e4 ajatuksista oli rakentaa keitti\u00f6 yl\u00e4kertaan, jotta maisemasta saisi eniten irti. Arkkitehdin kanssa k\u00e4ydyn keskustelun j\u00e4lkeen pari totesi, ettei idea olisi kovin k\u00e4yt\u00e4nn\u00f6llinen, mutta muita mahdollisuuksia j\u00e4rvin\u00e4k\u00f6alan maksimoimiseen voitaisiin hy\u00f6dynt\u00e4\u00e4. Toiveet suuresta keitti\u00f6st\u00e4 ja avoimesta pohjaratkaisusta, joka toisi taloon tilaa ja valoa, olisi mahdollista toteuttaa.<\/p>\n<p><em>\u201cOlemme molemmat sosiaalisia ja pid\u00e4mme ruoanlaitosta. Halusimme keitti\u00f6n yhteyteen suuren tilan, jotta perhe ja yst\u00e4v\u00e4t voisivat helposti olla yhdess\u00e4 ruoanlaiton ohessa\u201d, <\/em>selvent\u00e4\u00e4 Emilia.[\/vc_column_text][\/vc_column][vc_column width=&#8221;1\/2&#8243;][vc_single_image image=&#8221;1605&#8243; img_size=&#8221;large&#8221; alignment=&#8221;center&#8221; css=&#8221;.vc_custom_1762678784230{margin-bottom: 30px !important;}&#8221;][vc_column_text css=&#8221;&#8221;]<\/p>\n<h3>Suunnitelmista toteutukseen<\/h3>\n<p>Kev\u00e4\u00e4ll\u00e4 2024 arkkitehdin luonnokset valmistuivat ja Arkitekin oli aika tulla mukaan projektiin. Emilia ja Robin ottivat laajennetun avaimet k\u00e4teen -paketin, joka sis\u00e4lsi kaiken rakennuslupaprosessin hoidosta talon rakentamiseen. Lopputuloksena olisi muuttovalmis koti.<\/p>\n<p>Alkuun pariskunta oli huolissaan siit\u00e4, saisivatko he itse osallistua riitt\u00e4v\u00e4sti rakennusprosessiin, mutta Arkitek otti heid\u00e4t ideoineen vastaan avosylin.<\/p>\n<p><em>\u201cYhteisty\u00f6mme Arkitekin kanssa on ollut sujuvaa alusta alkaen. Beniin on voinut ottaa yhteytt\u00e4 aika lailla ymp\u00e4ri vuorokauden ja ymp\u00e4ri vuoden, ja kynnys yhteydenottoon on aina ollut matala. H\u00e4n on kuunnellut ajatuksiamme ja jakanut kanssamme ammattitaitoaan\u201d, <\/em>pariskunta kertoo.<em> \u201cOn tuntunut hyv\u00e4lt\u00e4 pysty\u00e4 luottamaan, ett\u00e4 rakennusprojektimme on hyviss\u00e4 k\u00e4siss\u00e4 ja kaikki sujuu sovitusti my\u00f6s silloin kun emme itse ole paikalla. Prosessin seuraaminen on ollut j\u00e4nnitt\u00e4v\u00e4\u00e4 ja mielenkiintoista, ja paikallisen yrityksen tukeminen on tuntunut oikealta. Olemme todella tyytyv\u00e4isi\u00e4\u201d<\/em>, Emilia sanoo.[\/vc_column_text][vc_single_image image=&#8221;1606&#8243; img_size=&#8221;large&#8221; alignment=&#8221;center&#8221; css=&#8221;.vc_custom_1762678964169{margin-bottom: 30px !important;}&#8221;][vc_column_text css=&#8221;&#8221;]<\/p>\n<h3>Talounelma alkaa toteutua<\/h3>\n<p>Gr\u00f6nvallintien talo on nyt maalausvaiheessa ja jos kaikki menee suunnitelmien mukaisesti, voivat Emilia ja Robin muuttaa tytt\u00e4rens\u00e4 kanssa omaan kotiin helmikuussa 2025. Perhe odottaa jo innolla p\u00e4\u00e4sev\u00e4ns\u00e4 luomaan muistoja uudessa kodissaan.<\/p>\n<p><em>\u201cOdotamme erityisesti saunailtoja omassa saunassamme, p\u00e4iv\u00e4llisi\u00e4 perheidemme kanssa ja kahvittelua yst\u00e4vien kanssa. Ensimm\u00e4inen joulu omassa kodissa tulee olemaan my\u00f6s mahtava. Ensi kes\u00e4n\u00e4 tytt\u00e4remme t\u00e4ytt\u00e4\u00e4 vuoden ja Robin 30 vuotta, joten tulee olemaan j\u00e4nnitt\u00e4v\u00e4\u00e4 j\u00e4rjest\u00e4\u00e4 juhlat ulkona omalla pihallamme\u201d, <\/em>Emilia sanoo.<\/p>\n<p>Talon valmistuessa pariskunnan ajatukset k\u00e4\u00e4ntyv\u00e4t jo kaikkeen siihen, mit\u00e4 he pian p\u00e4\u00e4sev\u00e4t tekem\u00e4\u00e4n tontillaan &#8211; tilavalle pihalle voi tehd\u00e4 juuri toiveidensa mukaisen puutarhan. Perhe asuu v\u00e4liaikaisesti kaksiossa Vaasan keskustassa, ja odottaa sit\u00e4 hetke\u00e4, kun ulko-ovesta p\u00e4\u00e4see astumaan suoraan omalle pihalle, jossa viett\u00e4\u00e4 aikaa.<\/p>\n<p><em>\u201cTodenn\u00e4k\u00f6isesti vain puuhailemme pihalla niin paljon kuin voimme\u201d,<\/em> Emilia sanoo.[\/vc_column_text][vc_column_text css=&#8221;&#8221;]<\/p>\n<h3>Emilian ja Robinin vinkit talorakennuksesta haaveileville<\/h3>\n<p>Projekti on ollut Emilialle ja Robinille palkitseva. He kuitenkin per\u00e4\u00e4nkuuluttavat, ett\u00e4 rakentaminen vaatii aikaa ja avain onnistuneeseen lopputulokseen on huolellinen suunnittelu.<\/p>\n<p><em>\u201cSuosittelemme k\u00e4ytt\u00e4m\u00e4\u00e4n paljon aikaa suunnitteluun ennen rakentamisen aloitusta. Kannattaa tutkia huolella eri vaihtoehtoja ja puhua jonkun kanssa, joka on rakentanut talon ja kysy\u00e4, mitk\u00e4 ratkaisut ovat olleet toimivia. Kysyk\u00e4\u00e4 rohkeasti naapureilta, yst\u00e4vilt\u00e4 tai kunnalta. Me koimme t\u00e4rke\u00e4ksi my\u00f6s avoimen keskustelun Arkitekin kanssa ja sen, ett\u00e4 saimme olla mukana projektista alusta alkaen &#8211; kukaan ei oleta, ett\u00e4 tied\u00e4tte etuk\u00e4teen, miten talo rakennetaan\u201d<\/em>, pari kertoo.<\/p>\n<p>Emilia Strandvall ja Robin Carp halusivat rakentaa kest\u00e4v\u00e4n, arkkitehdin suunnitteleman talon l\u00e4helle luontoa ja vett\u00e4. He ovat l\u00f6yt\u00e4neet paikkansa Mustasaaresta. Ideoista ja suunnitelmista tuli totta ja yhdess\u00e4 Arkitekin kanssa heille on valmistumassa pian muuttovalmis talo, joka t\u00e4yttyy arkisista hetkist\u00e4, turvasta ja uusista muistoista.[\/vc_column_text][\/vc_column][\/vc_row][vc_row][vc_column][vc_column_text css=&#8221;&#8221;]<em>Huom: Artikkeli on kirjoitettu talvella 2025 ennen kuin perhe on muuttanut uuteen kotiinsa. Valokuvat on otettu my\u00f6hemmin syksyll\u00e4 muuton j\u00e4lkeen.\u00a0\u00a0<\/em>[\/vc_column_text][\/vc_column][\/vc_row][vc_row type=&#8221;vc_default&#8221; gap=&#8221;30&#8243; content_placement=&#8221;middle&#8221;][vc_column width=&#8221;1\/2&#8243;][vc_single_image image=&#8221;1607&#8243; img_size=&#8221;large&#8221; alignment=&#8221;center&#8221; css=&#8221;.vc_custom_1762679819962{margin-bottom: 10px !important;}&#8221;][\/vc_column][vc_column width=&#8221;1\/2&#8243;]<div class=\"aio-icon-component    style_1\"><div id=\"Info-box-wrap-5822\" class=\"aio-icon-box square_box-icon\" style=\"border-color:#862665;border-style:outset;border-width:4px;background-color:#fcfcfc;\" data-min-height='360px' ><div class=\"aio-icon-description ult-responsive\"  data-ultimate-target='#Info-box-wrap-5822 .aio-icon-description'  data-responsive-json-new='{\"font-size\":\"\",\"line-height\":\"\"}'  style=\"\"><\/p>\n<h3><\/h3>\n<h3 style=\"text-align: left;\">Omakotitalo Gr\u00f6nvallintie<\/h3>\n<p style=\"text-align: left;\"><strong data-start=\"38\" data-end=\"57\">Asuintilojen pinta-ala:<\/strong> 162 m\u00b2 + autotalli 66 m\u00b2<\/p>\n<p style=\"text-align: left;\"><strong data-start=\"67\" data-end=\"81\">Huonej\u00e4rjestys:<\/strong>5 huonetta, keitti\u00f6, kylpyhuone + sauna, kodinhoitohuone, 2 wc:t\u00e4, vaatehuone, tekninen tila<\/p>\n<p style=\"text-align: left;\"><strong data-start=\"174\" data-end=\"188\">Kerroksia:<\/strong> 2<\/p>\n<p style=\"text-align: left;\"><strong data-start=\"193\" data-end=\"210\">Rakennustapa:<\/strong> Paikalla rakennettu<\/p>\n<p style=\"text-align: left;\"><strong>Laajuus:<\/strong> Avaimet k\u00e4teen -projekti<\/p>\n<p style=\"text-align: left;\"><strong>Valmistunut:<\/strong> 2025<\/p>\n<p>\u00a0<\/div> <!-- description --><\/div> <!-- aio-icon-box --><\/div> <!-- aio-icon-component -->[\/vc_column][\/vc_row][vc_row margin_top=&#8221;20px&#8221; margin_bottom=&#8221;-50px&#8221; css=&#8221;.vc_custom_1583165638357{margin-bottom: -50px !important;}&#8221;][vc_column][vc_column_text css=&#8221;&#8221;]<\/p>\n<h3 style=\"text-align: left;\">Lis\u00e4\u00e4 kuvia Emilian ja Robinin uudesta kodista:<\/h3>\n<p>[\/vc_column_text][\/vc_column][\/vc_row]<\/p>\n<\/div>","protected":false},"excerpt":{"rendered":"<p>[vc_row][vc_column][vc_column_text css=&#8221;&#8221;] Unelmatalo j\u00e4rvin\u00e4k\u00f6alalla &#8211; Emilian ja Robinin arkkitehdin suunnittelemasta kodista tuli totta Arkitekin avulla [\/vc_column_text][\/vc_column][\/vc_row][vc_row][vc_column width=&#8221;1\/2&#8243;][vc_column_text css=&#8221;&#8221;]Emilia Strandvall, 32, ja h\u00e4nen avopuolisonsa Robin Carp, 29, unelmoivat pitk\u00e4\u00e4n omasta kodista luonnon l\u00e4heisyydess\u00e4. Suunnitelma oli selke\u00e4 alusta alkaen: kaunis paikka, jossa heid\u00e4n pienell\u00e4 perheell\u00e4\u00e4n, johon kuuluu pariskunnan tyt\u00e4r, on runsaasti tilaa juurtua. Suunnittelu p\u00e4\u00e4si kuitenkin kunnolla&hellip;<\/p>\n","protected":false},"author":1,"featured_media":1559,"comment_status":"closed","ping_status":"closed","template":"","dt_portfolio_category":[21],"dt_portfolio_tags":[],"class_list":["post-1609","dt_portfolio","type-dt_portfolio","status-publish","has-post-thumbnail","hentry","dt_portfolio_category-projekt-fi","dt_portfolio_category-21","description-off"],"yoast_head":"<!-- This site is optimized with the Yoast SEO plugin v25.6 - https:\/\/yoast.com\/wordpress\/plugins\/seo\/ -->\n<title>Unelmatalo j\u00e4rvin\u00e4k\u00f6alalla - Arkitek.fi<\/title>\n<meta name=\"robots\" content=\"index, follow, max-snippet:-1, max-image-preview:large, max-video-preview:-1\" \/>\n<link rel=\"canonical\" href=\"https:\/\/www.arkitek.fi\/fi\/projekt\/unelmatalo-jarvinakoalalla\/\" \/>\n<meta property=\"og:locale\" content=\"fi_FI\" \/>\n<meta property=\"og:type\" content=\"article\" \/>\n<meta property=\"og:title\" content=\"Unelmatalo j\u00e4rvin\u00e4k\u00f6alalla - Arkitek.fi\" \/>\n<meta property=\"og:description\" content=\"[vc_row][vc_column][vc_column_text css=&#8221;&#8221;] Unelmatalo j\u00e4rvin\u00e4k\u00f6alalla &#8211; Emilian ja Robinin arkkitehdin suunnittelemasta kodista tuli totta Arkitekin avulla [\/vc_column_text][\/vc_column][\/vc_row][vc_row][vc_column width=&#8221;1\/2&#8243;][vc_column_text css=&#8221;&#8221;]Emilia Strandvall, 32, ja h\u00e4nen avopuolisonsa Robin Carp, 29, unelmoivat pitk\u00e4\u00e4n omasta kodista luonnon l\u00e4heisyydess\u00e4. Suunnitelma oli selke\u00e4 alusta alkaen: kaunis paikka, jossa heid\u00e4n pienell\u00e4 perheell\u00e4\u00e4n, johon kuuluu pariskunnan tyt\u00e4r, on runsaasti tilaa juurtua. Suunnittelu p\u00e4\u00e4si kuitenkin kunnolla&hellip;\" \/>\n<meta property=\"og:url\" content=\"https:\/\/www.arkitek.fi\/fi\/projekt\/unelmatalo-jarvinakoalalla\/\" \/>\n<meta property=\"og:site_name\" content=\"Arkitek.fi\" \/>\n<meta property=\"article:publisher\" content=\"https:\/\/www.facebook.com\/arkitekoy\/\" \/>\n<meta property=\"article:modified_time\" content=\"2025-11-09T09:55:07+00:00\" \/>\n<meta property=\"og:image\" content=\"https:\/\/www.arkitek.fi\/wp-content\/uploads\/2025\/11\/gronvallsvagen-1.jpg\" \/>\n\t<meta property=\"og:image:width\" content=\"1920\" \/>\n\t<meta property=\"og:image:height\" content=\"1280\" \/>\n\t<meta property=\"og:image:type\" content=\"image\/jpeg\" \/>\n<meta name=\"twitter:card\" content=\"summary_large_image\" \/>\n<meta name=\"twitter:label1\" content=\"Arvioitu lukuaika\" \/>\n\t<meta name=\"twitter:data1\" content=\"5 minuuttia\" \/>\n<script type=\"application\/ld+json\" class=\"yoast-schema-graph\">{\"@context\":\"https:\/\/schema.org\",\"@graph\":[{\"@type\":\"WebPage\",\"@id\":\"https:\/\/www.arkitek.fi\/fi\/projekt\/unelmatalo-jarvinakoalalla\/\",\"url\":\"https:\/\/www.arkitek.fi\/fi\/projekt\/unelmatalo-jarvinakoalalla\/\",\"name\":\"Unelmatalo j\u00e4rvin\u00e4k\u00f6alalla - Arkitek.fi\",\"isPartOf\":{\"@id\":\"https:\/\/www.arkitek.fi\/#website\"},\"primaryImageOfPage\":{\"@id\":\"https:\/\/www.arkitek.fi\/fi\/projekt\/unelmatalo-jarvinakoalalla\/#primaryimage\"},\"image\":{\"@id\":\"https:\/\/www.arkitek.fi\/fi\/projekt\/unelmatalo-jarvinakoalalla\/#primaryimage\"},\"thumbnailUrl\":\"https:\/\/www.arkitek.fi\/wp-content\/uploads\/2025\/11\/gronvallsvagen-1.jpg\",\"datePublished\":\"2025-11-09T09:40:07+00:00\",\"dateModified\":\"2025-11-09T09:55:07+00:00\",\"breadcrumb\":{\"@id\":\"https:\/\/www.arkitek.fi\/fi\/projekt\/unelmatalo-jarvinakoalalla\/#breadcrumb\"},\"inLanguage\":\"fi\",\"potentialAction\":[{\"@type\":\"ReadAction\",\"target\":[\"https:\/\/www.arkitek.fi\/fi\/projekt\/unelmatalo-jarvinakoalalla\/\"]}]},{\"@type\":\"ImageObject\",\"inLanguage\":\"fi\",\"@id\":\"https:\/\/www.arkitek.fi\/fi\/projekt\/unelmatalo-jarvinakoalalla\/#primaryimage\",\"url\":\"https:\/\/www.arkitek.fi\/wp-content\/uploads\/2025\/11\/gronvallsvagen-1.jpg\",\"contentUrl\":\"https:\/\/www.arkitek.fi\/wp-content\/uploads\/2025\/11\/gronvallsvagen-1.jpg\",\"width\":1920,\"height\":1280},{\"@type\":\"BreadcrumbList\",\"@id\":\"https:\/\/www.arkitek.fi\/fi\/projekt\/unelmatalo-jarvinakoalalla\/#breadcrumb\",\"itemListElement\":[{\"@type\":\"ListItem\",\"position\":1,\"name\":\"Hem\",\"item\":\"https:\/\/www.arkitek.fi\/fi\/etusivu\/\"},{\"@type\":\"ListItem\",\"position\":2,\"name\":\"Portfolio\",\"item\":\"https:\/\/www.arkitek.fi\/projekt\/\"},{\"@type\":\"ListItem\",\"position\":3,\"name\":\"Unelmatalo j\u00e4rvin\u00e4k\u00f6alalla\"}]},{\"@type\":\"WebSite\",\"@id\":\"https:\/\/www.arkitek.fi\/#website\",\"url\":\"https:\/\/www.arkitek.fi\/\",\"name\":\"Arkitek.fi\",\"description\":\"- Under uppbyggnad\",\"potentialAction\":[{\"@type\":\"SearchAction\",\"target\":{\"@type\":\"EntryPoint\",\"urlTemplate\":\"https:\/\/www.arkitek.fi\/?s={search_term_string}\"},\"query-input\":{\"@type\":\"PropertyValueSpecification\",\"valueRequired\":true,\"valueName\":\"search_term_string\"}}],\"inLanguage\":\"fi\"}]}<\/script>\n<!-- \/ Yoast SEO plugin. -->","yoast_head_json":{"title":"Unelmatalo j\u00e4rvin\u00e4k\u00f6alalla - Arkitek.fi","robots":{"index":"index","follow":"follow","max-snippet":"max-snippet:-1","max-image-preview":"max-image-preview:large","max-video-preview":"max-video-preview:-1"},"canonical":"https:\/\/www.arkitek.fi\/fi\/projekt\/unelmatalo-jarvinakoalalla\/","og_locale":"fi_FI","og_type":"article","og_title":"Unelmatalo j\u00e4rvin\u00e4k\u00f6alalla - Arkitek.fi","og_description":"[vc_row][vc_column][vc_column_text css=&#8221;&#8221;] Unelmatalo j\u00e4rvin\u00e4k\u00f6alalla &#8211; Emilian ja Robinin arkkitehdin suunnittelemasta kodista tuli totta Arkitekin avulla [\/vc_column_text][\/vc_column][\/vc_row][vc_row][vc_column width=&#8221;1\/2&#8243;][vc_column_text css=&#8221;&#8221;]Emilia Strandvall, 32, ja h\u00e4nen avopuolisonsa Robin Carp, 29, unelmoivat pitk\u00e4\u00e4n omasta kodista luonnon l\u00e4heisyydess\u00e4. Suunnitelma oli selke\u00e4 alusta alkaen: kaunis paikka, jossa heid\u00e4n pienell\u00e4 perheell\u00e4\u00e4n, johon kuuluu pariskunnan tyt\u00e4r, on runsaasti tilaa juurtua. Suunnittelu p\u00e4\u00e4si kuitenkin kunnolla&hellip;","og_url":"https:\/\/www.arkitek.fi\/fi\/projekt\/unelmatalo-jarvinakoalalla\/","og_site_name":"Arkitek.fi","article_publisher":"https:\/\/www.facebook.com\/arkitekoy\/","article_modified_time":"2025-11-09T09:55:07+00:00","og_image":[{"width":1920,"height":1280,"url":"https:\/\/www.arkitek.fi\/wp-content\/uploads\/2025\/11\/gronvallsvagen-1.jpg","type":"image\/jpeg"}],"twitter_card":"summary_large_image","twitter_misc":{"Arvioitu lukuaika":"5 minuuttia"},"schema":{"@context":"https:\/\/schema.org","@graph":[{"@type":"WebPage","@id":"https:\/\/www.arkitek.fi\/fi\/projekt\/unelmatalo-jarvinakoalalla\/","url":"https:\/\/www.arkitek.fi\/fi\/projekt\/unelmatalo-jarvinakoalalla\/","name":"Unelmatalo j\u00e4rvin\u00e4k\u00f6alalla - Arkitek.fi","isPartOf":{"@id":"https:\/\/www.arkitek.fi\/#website"},"primaryImageOfPage":{"@id":"https:\/\/www.arkitek.fi\/fi\/projekt\/unelmatalo-jarvinakoalalla\/#primaryimage"},"image":{"@id":"https:\/\/www.arkitek.fi\/fi\/projekt\/unelmatalo-jarvinakoalalla\/#primaryimage"},"thumbnailUrl":"https:\/\/www.arkitek.fi\/wp-content\/uploads\/2025\/11\/gronvallsvagen-1.jpg","datePublished":"2025-11-09T09:40:07+00:00","dateModified":"2025-11-09T09:55:07+00:00","breadcrumb":{"@id":"https:\/\/www.arkitek.fi\/fi\/projekt\/unelmatalo-jarvinakoalalla\/#breadcrumb"},"inLanguage":"fi","potentialAction":[{"@type":"ReadAction","target":["https:\/\/www.arkitek.fi\/fi\/projekt\/unelmatalo-jarvinakoalalla\/"]}]},{"@type":"ImageObject","inLanguage":"fi","@id":"https:\/\/www.arkitek.fi\/fi\/projekt\/unelmatalo-jarvinakoalalla\/#primaryimage","url":"https:\/\/www.arkitek.fi\/wp-content\/uploads\/2025\/11\/gronvallsvagen-1.jpg","contentUrl":"https:\/\/www.arkitek.fi\/wp-content\/uploads\/2025\/11\/gronvallsvagen-1.jpg","width":1920,"height":1280},{"@type":"BreadcrumbList","@id":"https:\/\/www.arkitek.fi\/fi\/projekt\/unelmatalo-jarvinakoalalla\/#breadcrumb","itemListElement":[{"@type":"ListItem","position":1,"name":"Hem","item":"https:\/\/www.arkitek.fi\/fi\/etusivu\/"},{"@type":"ListItem","position":2,"name":"Portfolio","item":"https:\/\/www.arkitek.fi\/projekt\/"},{"@type":"ListItem","position":3,"name":"Unelmatalo j\u00e4rvin\u00e4k\u00f6alalla"}]},{"@type":"WebSite","@id":"https:\/\/www.arkitek.fi\/#website","url":"https:\/\/www.arkitek.fi\/","name":"Arkitek.fi","description":"- Under uppbyggnad","potentialAction":[{"@type":"SearchAction","target":{"@type":"EntryPoint","urlTemplate":"https:\/\/www.arkitek.fi\/?s={search_term_string}"},"query-input":{"@type":"PropertyValueSpecification","valueRequired":true,"valueName":"search_term_string"}}],"inLanguage":"fi"}]}},"_links":{"self":[{"href":"https:\/\/www.arkitek.fi\/fi\/wp-json\/wp\/v2\/dt_portfolio\/1609"}],"collection":[{"href":"https:\/\/www.arkitek.fi\/fi\/wp-json\/wp\/v2\/dt_portfolio"}],"about":[{"href":"https:\/\/www.arkitek.fi\/fi\/wp-json\/wp\/v2\/types\/dt_portfolio"}],"author":[{"embeddable":true,"href":"https:\/\/www.arkitek.fi\/fi\/wp-json\/wp\/v2\/users\/1"}],"replies":[{"embeddable":true,"href":"https:\/\/www.arkitek.fi\/fi\/wp-json\/wp\/v2\/comments?post=1609"}],"version-history":[{"count":4,"href":"https:\/\/www.arkitek.fi\/fi\/wp-json\/wp\/v2\/dt_portfolio\/1609\/revisions"}],"predecessor-version":[{"id":1625,"href":"https:\/\/www.arkitek.fi\/fi\/wp-json\/wp\/v2\/dt_portfolio\/1609\/revisions\/1625"}],"wp:featuredmedia":[{"embeddable":true,"href":"https:\/\/www.arkitek.fi\/fi\/wp-json\/wp\/v2\/media\/1559"}],"wp:attachment":[{"href":"https:\/\/www.arkitek.fi\/fi\/wp-json\/wp\/v2\/media?parent=1609"}],"wp:term":[{"taxonomy":"dt_portfolio_category","embeddable":true,"href":"https:\/\/www.arkitek.fi\/fi\/wp-json\/wp\/v2\/dt_portfolio_category?post=1609"},{"taxonomy":"dt_portfolio_tags","embeddable":true,"href":"https:\/\/www.arkitek.fi\/fi\/wp-json\/wp\/v2\/dt_portfolio_tags?post=1609"}],"curies":[{"name":"wp","href":"https:\/\/api.w.org\/{rel}","templated":true}]}}